{"id":35,"date":"2021-02-20T08:02:27","date_gmt":"2021-02-20T07:02:27","guid":{"rendered":"http:\/\/permaconcept.fr\/?page_id=35"},"modified":"2026-01-28T22:16:57","modified_gmt":"2026-01-28T21:16:57","slug":"memoire-cellulaire","status":"publish","type":"page","link":"https:\/\/isais.live\/index.php\/memoire-cellulaire\/","title":{"rendered":"Th\u00e9rapeute en R\u00e9paration Cellulaire"},"content":{"rendered":"[et_pb_section fb_built=\u00a0\u00bb1&Prime; _builder_version=\u00a0\u00bb3.29.3&Prime; custom_margin=\u00a0\u00bb0px||0px||false|false\u00a0\u00bb custom_padding=\u00a0\u00bb0px||0px||false|false\u00a0\u00bb border_width_all=\u00a0\u00bb1px\u00a0\u00bb border_width_top=\u00a0\u00bb0px\u00a0\u00bb border_width_right=\u00a0\u00bb0px\u00a0\u00bb border_color_bottom=\u00a0\u00bb#d3d3d3&Prime; border_width_left=\u00a0\u00bb0px\u00a0\u00bb border_color_left=\u00a0\u00bb#eeeeee\u00a0\u00bb fb_built=\u00a0\u00bb1&Prime; _i=\u00a0\u00bb0&Prime; _address=\u00a0\u00bb0&Prime;][et_pb_row _builder_version=\u00a0\u00bb3.29.3&Prime; custom_margin=\u00a0\u00bb0px||0px||false|false\u00a0\u00bb custom_padding=\u00a0\u00bb19px||0px||false|false\u00a0\u00bb _i=\u00a0\u00bb0&Prime; _address=\u00a0\u00bb0.0&Prime;][et_pb_column type=\u00a0\u00bb4_4&Prime; _builder_version=\u00a0\u00bb3.29.3&Prime; _i=\u00a0\u00bb0&Prime; _address=\u00a0\u00bb0.0.0&Prime;][et_pb_code _builder_version=\u00a0\u00bb3.29.3&Prime; _i=\u00a0\u00bb0&Prime; _address=\u00a0\u00bb0.0.0.0&Prime;]<ul id=\"menu-principal\" class=\"menu nav top-menu\"><li id=\"menu-item-64\" class=\"menu-item menu-item-type-post_type menu-item-object-page menu-item-home menu-item-64\"><a href=\"https:\/\/isais.live\/\">Accueil<\/a><\/li>\n<li id=\"menu-item-457\" class=\"menu-item menu-item-type-post_type menu-item-object-page menu-item-457\"><a href=\"https:\/\/isais.live\/index.php\/qui-suis-je\/\">Qui suis-je?<\/a><\/li>\n<li id=\"menu-item-65\" class=\"menu-item menu-item-type-post_type menu-item-object-page menu-item-65\"><a href=\"https:\/\/isais.live\/index.php\/memoire-cellulaire\/\">Consultation en individuel<\/a><\/li>\n<li id=\"menu-item-1439\" class=\"menu-item menu-item-type-post_type menu-item-object-page menu-item-1439\"><a href=\"https:\/\/isais.live\/index.php\/stage-alchimie-des-principes-masculin-feminin\/\">STAGE ALCHIMIE DES PRINCIPES MASCULIN &amp; FEMININ<\/a><\/li>\n<li id=\"menu-item-892\" class=\"menu-item menu-item-type-post_type menu-item-object-page menu-item-892\"><a href=\"https:\/\/isais.live\/index.php\/formation-methode-pgl\/\">Formation professionnelle compl\u00e8te<\/a><\/li>\n<li id=\"menu-item-834\" class=\"menu-item menu-item-type-post_type menu-item-object-page menu-item-834\"><a href=\"https:\/\/isais.live\/index.php\/temoignages\/\">T\u00e9moignages<\/a><\/li>\n<\/ul>[\/et_pb_code][\/et_pb_column][\/et_pb_row][\/et_pb_section][et_pb_section fb_built=\u00a0\u00bb1&Prime; next_background_color=\u00a0\u00bbrgba(194,209,207,0.46)\u00a0\u00bb _builder_version=\u00a0\u00bb3.29.3&Prime; background_image=\u00a0\u00bbhttps:\/\/isais.live\/wp-content\/uploads\/2021\/10\/ADN.jpeg\u00a0\u00bb parallax=\u00a0\u00bbon\u00a0\u00bb bottom_divider_style=\u00a0\u00bbcurve2&Prime; fb_built=\u00a0\u00bb1&Prime; _i=\u00a0\u00bb1&Prime; _address=\u00a0\u00bb1&Prime;][et_pb_row _builder_version=\u00a0\u00bb3.29.3&Prime; _i=\u00a0\u00bb0&Prime; _address=\u00a0\u00bb1.0&Prime;][et_pb_column type=\u00a0\u00bb4_4&Prime; _builder_version=\u00a0\u00bb3.29.3&Prime; _i=\u00a0\u00bb0&Prime; _address=\u00a0\u00bb1.0.0&Prime;][et_pb_text _builder_version=\u00a0\u00bb3.29.3&Prime; background_color=\u00a0\u00bbrgba(194,209,207,0.79)\u00a0\u00bb width=\u00a0\u00bb50%\u00a0\u00bb module_alignment=\u00a0\u00bbcenter\u00a0\u00bb custom_margin=\u00a0\u00bb||||false|false\u00a0\u00bb custom_padding=\u00a0\u00bb20px||20px||false|false\u00a0\u00bb _i=\u00a0\u00bb0&Prime; _address=\u00a0\u00bb1.0.0.0&Prime;]\n<h3 style=\"text-align: center;\">Th\u00e9rapeute psycho-corporelle &amp; \u00e9nerg\u00e9ticienne certif\u00e9e en r\u00e9paration cellulaire<\/h3>\n<h3 style=\"text-align: center;\">M\u00e9thode PGL<\/h3>\n[\/et_pb_text][\/et_pb_column][\/et_pb_row][\/et_pb_section][et_pb_section fb_built=\u00a0\u00bb1&Prime; next_background_color=\u00a0\u00bb#ffffff\u00a0\u00bb _builder_version=\u00a0\u00bb3.29.3&Prime; background_color=\u00a0\u00bbrgba(194,209,207,0.46)\u00a0\u00bb bottom_divider_style=\u00a0\u00bbwave2&Prime; fb_built=\u00a0\u00bb1&Prime; _i=\u00a0\u00bb2&Prime; _address=\u00a0\u00bb2&Prime;][et_pb_row _builder_version=\u00a0\u00bb3.29.3&Prime; _i=\u00a0\u00bb0&Prime; _address=\u00a0\u00bb2.0&Prime;][et_pb_column type=\u00a0\u00bb4_4&Prime; _builder_version=\u00a0\u00bb3.29.3&Prime; _i=\u00a0\u00bb0&Prime; _address=\u00a0\u00bb2.0.0&Prime;][et_pb_text _builder_version=\u00a0\u00bb3.29.3&Prime; text_font=\u00a0\u00bbMontserrat||||||||\u00a0\u00bb text_text_color=\u00a0\u00bb#50525a\u00a0\u00bb _i=\u00a0\u00bb0&Prime; _address=\u00a0\u00bb2.0.0.0&Prime;]\n<h2><span style=\"color: #ffffff;\">\u2728<strong>D\u00e9couvrez <\/strong> <strong>La M\u00e9thode PGL\u00a0<\/strong><\/span><\/h2>\n<h2><span style=\"color: #ffffff;\"><strong> alliant soins psycho-corporels et soins \u00e9nerg\u00e9tiques\u00a0<\/strong> entre Aix en Provence Marseille ou \u00e0 distance\u2728<\/span><\/h2>\n<p>Partez \u00e0 la d\u00e9couverte de votre pleine puissance. Cette th\u00e9rapie br\u00e8ve propose une lib\u00e9ration des blocages \u00e9motionelles, des m\u00e9moires familiales et un retour \u00e0 soi profond par des protocoles concr\u00e8te puissantes de <strong>visualisation<\/strong>, <strong>\u00e9coute corporelle<\/strong> et <strong>lib\u00e9ration des m\u00e9moires cellulaires<\/strong>.\u00a0<\/p>\n<p><span style=\"text-decoration: underline;\"><span><\/span><\/span><\/p>\n[\/et_pb_text][\/et_pb_column][\/et_pb_row][et_pb_row column_structure=\u00a0\u00bb1_2,1_2&Prime; _builder_version=\u00a0\u00bb3.29.3&Prime; min_height=\u00a0\u00bb504px\u00a0\u00bb custom_margin=\u00a0\u00bb-42px|auto||auto||\u00a0\u00bb _i=\u00a0\u00bb1&Prime; _address=\u00a0\u00bb2.1&Prime;][et_pb_column type=\u00a0\u00bb1_2&Prime; _builder_version=\u00a0\u00bb3.29.3&Prime; _i=\u00a0\u00bb0&Prime; _address=\u00a0\u00bb2.1.0&Prime;][et_pb_text _builder_version=\u00a0\u00bb3.29.3&Prime; text_font=\u00a0\u00bbMontserrat||||||||\u00a0\u00bb header_font=\u00a0\u00bbMontserrat||||||||\u00a0\u00bb custom_padding=\u00a0\u00bb0px|||||\u00a0\u00bb _i=\u00a0\u00bb0&Prime; _address=\u00a0\u00bb2.1.0.0&Prime;]\n<p style=\"text-align: justify;\"><span>Notre corps absorbe absolument tout notre v\u00e9cu dans chacune de ses cellules et se manifeste ensuite au long de notre vie au regard de ces m\u00e9moires. Gr\u00e2ce \u00e0 un chemin th\u00e9rapeutique de conscience corporelle inspir\u00e9 des travaux de Chantal Pisani, neurobiologiste et psychosomaticienne ayant fait une th\u00e8se de neurophysiologie et ayant cr\u00e9\u00e9 cette th\u00e9rapie br\u00e8ve appel\u00e9 le \u00ab\u00a0PGL\u00a0\u00bb (Le Psycho-Gestionnel), je vous invite \u00e0 plonger au plus profond de votre chair pour lib\u00e9rer votre \u00e2me !\u00a0<\/span><\/p>\n<p style=\"text-align: justify;\">J&rsquo;ai tout d&rsquo;abord exp\u00e9riment\u00e9 moi-m\u00eame ses\u00a0outils efficaces pour me r\u00e9parer en profondeur et je me suis form\u00e9e avec elle en personne. Je continue \u00e0 \u00e9changer de mani\u00e8re r\u00e9guli\u00e8re sur l&rsquo;\u00e9volution des protocoles en les adaptant \u00e0 l&rsquo;ouverture de conscience que prend d\u00e9sormais ce monde ! Je me suis aussi longuement initi\u00e9e \u00e0 parfaire l&rsquo;activation de parties \u00ab\u00a0\u00e9teintes\u00a0\u00bb de notre ADN.<\/p>\n<p style=\"text-align: justify;\"><span class=\"JsGRdQ\">J&rsquo;utilise divers \u00a0\u00ab\u00a0outils\u00a0\u00bb de d\u00e9codage et de r\u00e9-information de la m\u00e9moire cellulaire pour aider \u00e0 la gestion des \u00e9motions , et des traumatismes anciens ou r\u00e9cents afin d&rsquo;aller\u00a0ancrer profond\u00e9ment la r\u00e9paration au niveau cellulaire et transformer cette \u00ab\u00a0m\u00e9moire\u00a0\u00bb inscrite dans nos cellules : l<\/span><span class=\"JsGRdQ\">a connexion \u00e0 son enfant int\u00e9rieur, si\u00e8ge des \u00e9motions fig\u00e9es non g\u00e9r\u00e9es \/\u00a0le travail sur nos anc\u00eatres\u00a0qui peuvent nous transmettre des \u00ab\u00a0bagages limitants\u00bb \/ r\u00e9informer le moment de sa gestation ou de sa\u00a0<\/span><span class=\"JsGRdQ\">naissance \/ \u00e9pig\u00e9n\u00e9tique \/ R\u00e9unification des fragments d&rsquo;\u00e2me \/ ouverture de conscience &#8230;\u00a0<\/span><\/p>\n<p><span style=\"font-size: x-large; color: #ffffff;\"><\/span><\/p>\n<p><span><\/span><\/p>\n<p>&nbsp;<\/p>\n[\/et_pb_text][\/et_pb_column][et_pb_column type=\u00a0\u00bb1_2&Prime; _builder_version=\u00a0\u00bb3.29.3&Prime; _i=\u00a0\u00bb1&Prime; _address=\u00a0\u00bb2.1.1&Prime;][et_pb_image src=\u00a0\u00bbhttps:\/\/isais.live\/wp-content\/uploads\/2021\/10\/free.jpeg\u00a0\u00bb _builder_version=\u00a0\u00bb3.29.3&Prime; min_height=\u00a0\u00bb387px\u00a0\u00bb _i=\u00a0\u00bb0&Prime; _address=\u00a0\u00bb2.1.1.0&Prime;][\/et_pb_image][\/et_pb_column][\/et_pb_row][et_pb_row _builder_version=\u00a0\u00bb3.29.3&Prime; min_height=\u00a0\u00bb28px\u00a0\u00bb custom_margin=\u00a0\u00bb-83px|auto||auto||\u00a0\u00bb _i=\u00a0\u00bb2&Prime; _address=\u00a0\u00bb2.2&Prime;][et_pb_column type=\u00a0\u00bb4_4&Prime; _builder_version=\u00a0\u00bb3.29.3&Prime; _i=\u00a0\u00bb0&Prime; _address=\u00a0\u00bb2.2.0&Prime;][et_pb_text _builder_version=\u00a0\u00bb3.29.3&Prime; text_font=\u00a0\u00bbMontserrat||||||||\u00a0\u00bb header_font=\u00a0\u00bbMontserrat||||||||\u00a0\u00bb custom_margin=\u00a0\u00bb-64px|||||\u00a0\u00bb custom_padding=\u00a0\u00bb1px|||||\u00a0\u00bb _i=\u00a0\u00bb0&Prime; _address=\u00a0\u00bb2.2.0.0&Prime;]\n<p><span class=\"JsGRdQ\"><\/span><\/p>\n<p><span style=\"font-size: x-large; color: #ffffff;\"><\/span><\/p>\n<p><span style=\"font-size: x-large; color: #ffffff;\"><\/span><\/p>\n<p><span style=\"font-size: x-large; color: #ffffff;\">Comment se passe une s\u00e9ance\u00a0?<\/span><\/p>\n<p><span style=\"font-size: 14px;\">\u00a0<\/span><\/p>\n[\/et_pb_text][\/et_pb_column][\/et_pb_row][et_pb_row column_structure=\u00a0\u00bb1_2,1_2&Prime; _builder_version=\u00a0\u00bb3.29.3&Prime; min_height=\u00a0\u00bb504px\u00a0\u00bb custom_margin=\u00a0\u00bb-52px|auto||auto||\u00a0\u00bb custom_padding=\u00a0\u00bb||91px|||\u00a0\u00bb _i=\u00a0\u00bb3&Prime; _address=\u00a0\u00bb2.3&Prime;][et_pb_column type=\u00a0\u00bb1_2&Prime; _builder_version=\u00a0\u00bb3.29.3&Prime; _i=\u00a0\u00bb0&Prime; _address=\u00a0\u00bb2.3.0&Prime;][et_pb_text _builder_version=\u00a0\u00bb3.29.3&Prime; text_font=\u00a0\u00bbMontserrat||||||||\u00a0\u00bb header_font=\u00a0\u00bbMontserrat||||||||\u00a0\u00bb custom_padding=\u00a0\u00bb1px|||||\u00a0\u00bb _i=\u00a0\u00bb0&Prime; _address=\u00a0\u00bb2.3.0.0&Prime;]\n<p><span style=\"font-size: 14px; text-align: justify;\">Dans une yourte, avec vue sur la nature, vous \u00eates accueilli(e) en toute s\u00e9curit\u00e9 et bienveillance au coeur du temple d&rsquo;ISA\u00ceS.\u00a0<\/span><\/p>\n<p><span style=\"font-size: 14px; text-align: justify;\">Etape 1 : Retracer les \u00e9l\u00e9ments \u00ab\u00a0bloquants\u00a0\u00bb dans votre \u00e9volution personnelle et analyse du plan d&rsquo;action<\/span><span class=\"JsGRdQ\"><\/span><\/p>\n<p><span style=\"font-size: 14px; text-align: justify;\">Etape 2 : Rituel d&rsquo;ancrage, d&rsquo;alignement et d&rsquo;apaisement\u00a0<\/span><\/p>\n<p><span style=\"font-size: 14px; text-align: justify;\">Etape 3 :\u00a0 Allo<span>ng\u00e9(e) <\/span><\/span><span style=\"font-size: 14px; text-align: justify;\">en s\u00e9curit\u00e9, vous \u00eates \u00e0 l&rsquo;\u00e9coute de votre corps en pleine d\u00e9tente et vous suivez ma voix. <\/span><\/p>\n<p><span style=\"font-size: 14px; text-align: justify;\">J&rsquo;utilise\u00a0<strong>la\u00a0visualisation<\/strong> en pleine conscience et<strong>\u00a0l\u2019\u00e9coute active du corps<\/strong>\u00a0(les cellules) et de ses messages.\u00a0<\/span><span><\/span><\/p>\n<p class=\"_04xlpA direction-ltr align-justify para-style-body\" style=\"text-align: justify;\"><span class=\"JsGRdQ\"><span>Je vous guide dans une reconnexion profonde \u00e0 vous-m\u00eame\u00a0<\/span><\/span><span style=\"font-size: 14px;\">pour transmuter les maux, les informations inscrites dans les cellules de votre corps, comme les blessures anciennes, les programmes limitants, les sch\u00e9mas r\u00e9p\u00e9titifs, les conditionnements des codes sociaux, les peurs inconscientes.<\/span><\/p>\n<p style=\"text-align: justify;\"><span>Ce cheminement est non seulement\u00a0<strong>important pour vous-m\u00eame<\/strong>\u00a0mais aussi extr\u00eamement\u00a0<strong>important pour votre lign\u00e9e<\/strong>, vos proches.<\/span><\/p>\n<p style=\"text-align: justify;\">Dur\u00e9e : 1H-1H30<span><\/span><\/p>\n<p>&nbsp;<\/p>\n[\/et_pb_text][\/et_pb_column][et_pb_column type=\u00a0\u00bb1_2&Prime; _builder_version=\u00a0\u00bb3.29.3&Prime; _i=\u00a0\u00bb1&Prime; _address=\u00a0\u00bb2.3.1&Prime;][et_pb_image src=\u00a0\u00bbhttps:\/\/isais.live\/wp-content\/uploads\/2021\/10\/HUTTE.png\u00a0\u00bb align=\u00a0\u00bbcenter\u00a0\u00bb _builder_version=\u00a0\u00bb3.29.3&Prime; custom_margin=\u00a0\u00bb||48px|||\u00a0\u00bb _i=\u00a0\u00bb0&Prime; _address=\u00a0\u00bb2.3.1.0&Prime;][\/et_pb_image][\/et_pb_column][\/et_pb_row][et_pb_row _builder_version=\u00a0\u00bb3.29.3&Prime; min_height=\u00a0\u00bb28px\u00a0\u00bb custom_margin=\u00a0\u00bb-83px|auto||auto||\u00a0\u00bb _i=\u00a0\u00bb4&Prime; _address=\u00a0\u00bb2.4&Prime;][et_pb_column type=\u00a0\u00bb4_4&Prime; _builder_version=\u00a0\u00bb3.29.3&Prime; _i=\u00a0\u00bb0&Prime; _address=\u00a0\u00bb2.4.0&Prime;][et_pb_text _builder_version=\u00a0\u00bb3.29.3&Prime; text_font=\u00a0\u00bbMontserrat||||||||\u00a0\u00bb header_font=\u00a0\u00bbMontserrat||||||||\u00a0\u00bb custom_margin=\u00a0\u00bb-64px|||||\u00a0\u00bb custom_padding=\u00a0\u00bb43px|||467px||\u00a0\u00bb _i=\u00a0\u00bb0&Prime; _address=\u00a0\u00bb2.4.0.0&Prime;]\n<p><span class=\"JsGRdQ\"><\/span><\/p>\n<p><span style=\"font-size: x-large; color: #ffffff;\"><\/span><\/p>\n<p><span style=\"font-size: x-large; color: #ffffff;\"><\/span><\/p>\n<p><span style=\"font-size: x-large; color: #ffffff;\">M\u00e9thode adapt\u00e9e pour qui ?<\/span><\/p>\n<p><span style=\"font-size: 14px;\">\u00a0<\/span><\/p>\n[\/et_pb_text][\/et_pb_column][\/et_pb_row][et_pb_row column_structure=\u00a0\u00bb1_2,1_2&Prime; _builder_version=\u00a0\u00bb3.29.3&Prime; custom_margin=\u00a0\u00bb-50px|auto||auto||\u00a0\u00bb _i=\u00a0\u00bb5&Prime; _address=\u00a0\u00bb2.5&Prime;][et_pb_column type=\u00a0\u00bb1_2&Prime; _builder_version=\u00a0\u00bb3.29.3&Prime; _i=\u00a0\u00bb0&Prime; _address=\u00a0\u00bb2.5.0&Prime;][et_pb_image src=\u00a0\u00bbhttps:\/\/isais.live\/wp-content\/uploads\/2021\/10\/IMG_6499.jpg\u00a0\u00bb _builder_version=\u00a0\u00bb3.29.3&Prime; _i=\u00a0\u00bb0&Prime; _address=\u00a0\u00bb2.5.0.0&Prime;][\/et_pb_image][\/et_pb_column][et_pb_column type=\u00a0\u00bb1_2&Prime; _builder_version=\u00a0\u00bb3.29.3&Prime; _i=\u00a0\u00bb1&Prime; _address=\u00a0\u00bb2.5.1&Prime;][et_pb_text _builder_version=\u00a0\u00bb3.29.3&Prime; _i=\u00a0\u00bb0&Prime; _address=\u00a0\u00bb2.5.1.0&Prime;]\n<p>Pour tous&gt;11 ans. Pour les plus petits j&rsquo;utilise des outils de reconnaissance des \u00e9motions mas pas de lib\u00e9ration transg\u00e9n\u00e9rationnelle.<\/p>\n<p>Pour celles et ceux qui\u00a0 souhaitent simplement avancer dans la connaissance d\u2019eux-m\u00eames ou qui souhaitent lever des blocages dans leur vie.<\/p>\n<p><u>+ Je suis sp\u00e9cialis\u00e9e avec grande exp\u00e9rience dans l\u2019accompagnement de la femme et de son f\u00e9minin sacr\u00e9 :<\/u><\/p>\n<p>&#8211; femme ayant son f\u00e9minin bless\u00e9 (avortement, fausse couche, viol, abus, violence, femme coup\u00e9e de ses sensations corporelles intimes et autres, femme en manque de libido, en manque de f\u00e9minit\u00e9 ayant peur de l\u2019homme&#8230;)<\/p>\n<p>Ou autres exemples\u00a0:<\/p>\n<p>Vous vous sentez bloqu\u00e9<\/p>\n<p>Vous \u00eates las de r\u00e9p\u00e9ter sans cesse les m\u00eames sch\u00e9mas en couple ou au travail ?<\/p>\n<p>Vous en avez assez d\u2019\u00eatre c\u00e9libataire, ressentez des blocages sexuels<\/p>\n<p>Vous avez des angoisses inexpliqu\u00e9es ou explicites<\/p>\n<p>Vous \u00e9prouvez souvent de la culpabilit\u00e9<\/p>\n<p>Vous ne trouvez plus trop de sens \u00e0 la vie<\/p>\n<p>Vous avez une perte de motivation g\u00e9n\u00e9rale ou plus de partage avec votre conjoint ou vos enfants<\/p>\n[\/et_pb_text][\/et_pb_column][\/et_pb_row][et_pb_row _builder_version=\u00a0\u00bb3.29.3&Prime; min_height=\u00a0\u00bb159.6px\u00a0\u00bb custom_margin=\u00a0\u00bb-83px|auto||auto||\u00a0\u00bb _i=\u00a0\u00bb6&Prime; _address=\u00a0\u00bb2.6&Prime;][et_pb_column type=\u00a0\u00bb4_4&Prime; _builder_version=\u00a0\u00bb3.29.3&Prime; _i=\u00a0\u00bb0&Prime; _address=\u00a0\u00bb2.6.0&Prime;][et_pb_text _builder_version=\u00a0\u00bb3.29.3&Prime; text_font=\u00a0\u00bbMontserrat||||||||\u00a0\u00bb header_font=\u00a0\u00bbMontserrat||||||||\u00a0\u00bb custom_margin=\u00a0\u00bb-64px|||||\u00a0\u00bb custom_padding=\u00a0\u00bb43px|||||\u00a0\u00bb _i=\u00a0\u00bb0&Prime; _address=\u00a0\u00bb2.6.0.0&Prime;]\n<p>&nbsp;<\/p>\n<p><span style=\"font-size: x-large; color: #ffffff;\"><\/span><\/p>\n<p><span style=\"font-size: x-large; color: #ffffff;\"><\/span><\/p>\n<p><span style=\"font-size: x-large; color: #ffffff;\">Ils ont donn\u00e9 leur avis suite aux soins :\u00a0<a href=\"https:\/\/isais.live\/index.php\/temoignages\/\">LIRE LES AVIS\u00a0<\/a><\/span><\/p>\n<p><span style=\"font-size: 14px;\">\u00a0<\/span><\/p>\n[\/et_pb_text][\/et_pb_column][\/et_pb_row][\/et_pb_section][et_pb_section fb_built=\u00a0\u00bb1&Prime; next_background_color=\u00a0\u00bb#000000&Prime; _builder_version=\u00a0\u00bb3.29.3&Prime; min_height=\u00a0\u00bb1336px\u00a0\u00bb bottom_divider_style=\u00a0\u00bbwave2&Prime; bottom_divider_flip=\u00a0\u00bbvertical\u00a0\u00bb fb_built=\u00a0\u00bb1&Prime; _i=\u00a0\u00bb3&Prime; _address=\u00a0\u00bb3&Prime;][et_pb_row _builder_version=\u00a0\u00bb3.29.3&Prime; custom_margin=\u00a0\u00bb-59px|auto||auto||\u00a0\u00bb _i=\u00a0\u00bb0&Prime; _address=\u00a0\u00bb3.0&Prime;][et_pb_column type=\u00a0\u00bb4_4&Prime; _builder_version=\u00a0\u00bb3.29.3&Prime; _i=\u00a0\u00bb0&Prime; _address=\u00a0\u00bb3.0.0&Prime;][et_pb_text _builder_version=\u00a0\u00bb3.29.3&Prime; _i=\u00a0\u00bb0&Prime; _address=\u00a0\u00bb3.0.0.0&Prime;]\n<h1><span style=\"color: #333333;\">Qu&rsquo;est ce que l&rsquo;\u00e9pig\u00e9n\u00e9tique? le recouvrement d&rsquo;\u00e2me? L&rsquo;enfant int\u00e9rieur? Une th\u00e9rapie psycho-corporelle?<\/span><\/h1>\n[\/et_pb_text][et_pb_slider _builder_version=\u00a0\u00bb3.29.3&Prime; custom_padding=\u00a0\u00bb0px|||||\u00a0\u00bb _i=\u00a0\u00bb1&Prime; _address=\u00a0\u00bb3.0.0.1&Prime;][et_pb_slide heading=\u00a0\u00bbQu&rsquo;est ce que le recouvrement d&rsquo;\u00e2me ?\u00a0\u00bb image=\u00a0\u00bbhttps:\/\/isais.live\/wp-content\/uploads\/2021\/10\/IMG_6363-1.jpg\u00a0\u00bb _builder_version=\u00a0\u00bb3.29.3&Prime; _i=\u00a0\u00bb0&Prime; _address=\u00a0\u00bb3.0.0.1.0&Prime;]\n<h1 id=\"title\" class=\"a-spacing-none a-text-normal\"><span id=\"productTitle\" class=\"a-size-extra-large\">\u00a0\u00bb Recouvrer son \u00e2me et gu\u00e9rir son moi fragment\u00e9<span>\u00a0\u00ab\u00a0<\/span><\/span><\/h1>\n<p class=\"Standard\"><span lang=\"FR\"><span>Inspiration d&rsquo;ISIS et sa croix \u00e9gyptienne\u00a0:\u00a0<\/span><\/span><\/p>\n<p class=\"Standard\" style=\"text-align: justify;\"><span lang=\"FR\">La qu\u00eate d\u2019Isis des morceaux du corps nous rappelle \u00e9galement les \u00ab\u00a0recouvrements d\u2019\u00e2me\u00a0\u00bb qu\u2019effectuent les chamanes quand ils partent \u00e0 la recherche des morceaux de l\u2019\u00e2me des personnes souffrantes pour les ramener dans leur int\u00e9gralit\u00e9 et ainsi reconnecter la personne \u00e0 sa propre gu\u00e9rison dans une vision de l\u2019\u00eatre dans sa globalit\u00e9, un tout unique.<\/span><\/p>\n<p class=\"Standard\" style=\"text-align: justify;\"><span lang=\"FR\">Isis conna\u00eet la magie des mots de pouvoir et le pouvoir en lui-m\u00eame. Elle est la Chamane Originelle qui initie, soigne, transforme, redonne vie.<\/span><\/p>\n<p><span><strong>R\u00e9-information et activation de l&rsquo;ADN multidimensionel\u00a0<\/strong>&amp;\u00a0<strong>Incarnation de votre Essence<\/strong><\/span><\/p>\n<p>&nbsp;<\/p>\n[\/et_pb_slide][et_pb_slide heading=\u00a0\u00bbQu&rsquo;est ce qu&rsquo;une th\u00e9rapie psycho- corporelle?\u00a0\u00bb image=\u00a0\u00bbhttps:\/\/isais.live\/wp-content\/uploads\/2021\/10\/enfant-interieur.jpeg\u00a0\u00bb _builder_version=\u00a0\u00bb3.29.3&Prime; _i=\u00a0\u00bb1&Prime; _address=\u00a0\u00bb3.0.0.1.1&Prime;]\n<p style=\"text-align: justify;\"><span>La th\u00e9rapie psycho-corporelle poursuit une double lecture : elle pratique l&rsquo;\u00e9coute attentive de l&rsquo;histoire du consultant et des manifestations corporelles associ\u00e9es. En effet, le corps enregistre le v\u00e9cu personnel et l&rsquo;h\u00e9ritage familial, c&rsquo;est \u00ab une m\u00e9moire vivante \u00bb. Votre caract\u00e8re, votre posture, vos peurs, vos sch\u00e9mas r\u00e9actionnels, vos croyances limitantes sont largement influenc\u00e9s par les traumatismes du pass\u00e9 et se trouvent inscrits dans cette m\u00e9moire vivante qu&rsquo;est le corps. La place donn\u00e9e aux messages du corps fonctionne comme un point d&rsquo;appui pour comprendre et lib\u00e9rer les souffrances. Le corps ainsi consid\u00e9r\u00e9 devient une aide, une ressource pr\u00e9cieuse pour le consultant sur son chemin th\u00e9rapeutique.<\/span><\/p>\n[\/et_pb_slide][et_pb_slide heading=\u00a0\u00bbQu&rsquo;est ce que l&rsquo;enfant int\u00e9rieur?\u00a0\u00bb image=\u00a0\u00bbhttps:\/\/isais.live\/wp-content\/uploads\/2021\/10\/enfant-intereur-2.jpeg\u00a0\u00bb _builder_version=\u00a0\u00bb3.29.3&Prime; _i=\u00a0\u00bb2&Prime; _address=\u00a0\u00bb3.0.0.1.2&Prime;]\n<p id=\"yui_3_16_0_11_1410246423075_24\" style=\"text-align: justify;\">Notre enfant int\u00e9rieur c&rsquo;est notre joie, notre l\u00e9g\u00e8ret\u00e9, notre spontan\u00e9it\u00e9, l&rsquo;amour que nous ressentons&#8230;c&rsquo;est tout simplement<span>\u00a0<\/span><strong>notre envie de vivre<\/strong>.<\/p>\n<p style=\"text-align: justify;\"><span style=\"font-size: 18px;\">La plupart du temps, notre enfant int\u00e9rieur est bless\u00e9 et en souffrance, car nous avons d\u00fb essuyer, \u00e0 plusieurs reprises, tout au long de notre existence,<\/span><span style=\"font-size: 18px;\">\u00a0<\/span><strong style=\"font-size: 18px;\">des critiques, bl\u00e2mes, rejets<\/strong><span style=\"font-size: 18px;\">\u00a0<\/span><span style=\"font-size: 18px;\">etc.<\/span><\/p>\n<p style=\"text-align: justify;\"><span style=\"font-size: 18px;\">Ces exp\u00e9riences ont fait<\/span><span style=\"font-size: 18px;\">\u00a0<\/span><strong style=\"font-size: 18px;\">peur \u00e0 notre enfant int\u00e9rieur<\/strong><span style=\"font-size: 18px;\">, qui s&rsquo;est recroquevill\u00e9 dans sa petite caverne pour ne plus en sortir, ou tr\u00e8s peu.<\/span><\/p>\n<p style=\"text-align: justify;\">Il est temps de prendre contact avec cet enfant et de l&rsquo;aimer afin de nous r\u00e9aliser pleinement.<\/p>\n<p style=\"text-align: justify;\">Devenir comme un enfant, c&rsquo;est retrouver cet \u00e9tat de conscience fusionnel qu&rsquo;avait l&rsquo;\u00eatre humain dans ses origines et que reproduit l&rsquo;enfant au d\u00e9but de sa vie.<\/p>\n[\/et_pb_slide][et_pb_slide heading=\u00a0\u00bbQu&rsquo;est-ce que la m\u00e9moire familiale et transg\u00e9n\u00e9rationnelle ?\u00a0\u00bb image=\u00a0\u00bbhttps:\/\/isais.live\/wp-content\/uploads\/2021\/10\/Capture-de\u0301cran-2021-10-20-a\u0300-12.27.30.png\u00a0\u00bb _builder_version=\u00a0\u00bb3.29.3&Prime; header_font_size=\u00a0\u00bb39px\u00a0\u00bb _i=\u00a0\u00bb3&Prime; _address=\u00a0\u00bb3.0.0.1.3&Prime;]\n<p style=\"text-align: justify;\">Si vous ressentez des blocages dans votre vie, si vous vivez des sch\u00e9mas r\u00e9p\u00e9titifs, je vous invite \u00e0 regarder du c\u00f4t\u00e9 familial et transg\u00e9n\u00e9rationnel. Nous portons tous des \u00ab valises \u00bb, des \u00ab bagages \u00bb qui appartiennent \u00e0 nos parents, nos grands-parents et nos anc\u00eatres, qui peuvent entraver notre \u00e9volution et nous emp\u00eacher de vivre la vie que nous souhaitons.<\/p>\n<p style=\"text-align: justify;\">Ces \u00ab valises \u00bb que nous portons bien malgr\u00e9-nous, sont les croyances, les m\u00e9moires, les traumas, les influences, les \u00ab programmations \u2013 racine \u00bb de notre lign\u00e9e familiale qui vont venir limiter voire interdire l\u2019abondance, notamment financi\u00e8re, perturber nos relations sentimentales, la sexualit\u00e9 ainsi que de mani\u00e8re g\u00e9n\u00e9rale notre relation avec la Vie.<\/p>\n<p style=\"text-align: justify;\">Cependant derri\u00e8re ces \u00ab blocages \u00bb, il y a un \u00ab message de gu\u00e9rison \u00bb qui vous est transmis par votre lign\u00e9e familiale en tant qu\u2019h\u00e9ritier ou h\u00e9riti\u00e8re de la lign\u00e9e, afin de vous aider \u00e0 vous gu\u00e9rir vous-m\u00eame.<\/p>\n[\/et_pb_slide][et_pb_slide heading=\u00a0\u00bbQu&rsquo;est-ce que l&rsquo;\u00e9pig\u00e9n\u00e9tique ?\u00a0\u00bb image=\u00a0\u00bbhttps:\/\/isais.live\/wp-content\/uploads\/2021\/10\/inserm-epigenetique-1-ebref.jpeg\u00a0\u00bb _builder_version=\u00a0\u00bb3.29.3&Prime; _i=\u00a0\u00bb4&Prime; _address=\u00a0\u00bb3.0.0.1.4&Prime;]\n<p>&nbsp;<\/p>\n<p>Notre environnement a une influence sur notre g\u00e9nome par des modifications dites \u00e9pig\u00e9n\u00e9tiques. Par exemple, avec des patrimoines g\u00e9n\u00e9tiques identiques, deux jumeaux peuvent \u00e9voluer diff\u00e9remment en fonction de leurs environnements respectifs. Les individus, et par voie de cons\u00e9quence leurs g\u00e8nes, sont en effet soumis \u00e0 de nombreux facteurs environnementaux : alimentation, maladies, m\u00e9dicaments, stress, lieu &amp; hygi\u00e8ne de vie, qui peuvent modifier autant leurs cellules que leur ADN.<\/p>\n[\/et_pb_slide][\/et_pb_slider][\/et_pb_column][\/et_pb_row][\/et_pb_section]\n","protected":false},"excerpt":{"rendered":"<p>[et_pb_section fb_built=\u00a0\u00bb1&Prime; _builder_version=\u00a0\u00bb3.29.3&Prime; custom_margin=\u00a0\u00bb0px||0px||false|false\u00a0\u00bb custom_padding=\u00a0\u00bb0px||0px||false|false\u00a0\u00bb border_width_all=\u00a0\u00bb1px\u00a0\u00bb border_width_top=\u00a0\u00bb0px\u00a0\u00bb border_width_right=\u00a0\u00bb0px\u00a0\u00bb border_color_bottom=\u00a0\u00bb#d3d3d3&Prime; border_width_left=\u00a0\u00bb0px\u00a0\u00bb border_color_left=\u00a0\u00bb#eeeeee\u00a0\u00bb fb_built=\u00a0\u00bb1&Prime; _i=\u00a0\u00bb0&Prime; _address=\u00a0\u00bb0&Prime;][et_pb_row _builder_version=\u00a0\u00bb3.29.3&Prime; custom_margin=\u00a0\u00bb0px||0px||false|false\u00a0\u00bb custom_padding=\u00a0\u00bb19px||0px||false|false\u00a0\u00bb _i=\u00a0\u00bb0&Prime; _address=\u00a0\u00bb0.0&Prime;][et_pb_column type=\u00a0\u00bb4_4&Prime; _builder_version=\u00a0\u00bb3.29.3&Prime; _i=\u00a0\u00bb0&Prime; _address=\u00a0\u00bb0.0.0&Prime;][et_pb_code _builder_version=\u00a0\u00bb3.29.3&Prime; _i=\u00a0\u00bb0&Prime; _address=\u00a0\u00bb0.0.0.0&Prime;][\/et_pb_code][\/et_pb_column][\/et_pb_row][\/et_pb_section][et_pb_section fb_built=\u00a0\u00bb1&Prime; next_background_color=\u00a0\u00bbrgba(194,209,207,0.46)\u00a0\u00bb _builder_version=\u00a0\u00bb3.29.3&Prime; background_image=\u00a0\u00bbhttps:\/\/isais.live\/wp-content\/uploads\/2021\/10\/ADN.jpeg\u00a0\u00bb parallax=\u00a0\u00bbon\u00a0\u00bb bottom_divider_style=\u00a0\u00bbcurve2&Prime; fb_built=\u00a0\u00bb1&Prime; _i=\u00a0\u00bb1&Prime; _address=\u00a0\u00bb1&Prime;][et_pb_row _builder_version=\u00a0\u00bb3.29.3&Prime; _i=\u00a0\u00bb0&Prime; _address=\u00a0\u00bb1.0&Prime;][et_pb_column type=\u00a0\u00bb4_4&Prime; _builder_version=\u00a0\u00bb3.29.3&Prime; _i=\u00a0\u00bb0&Prime; _address=\u00a0\u00bb1.0.0&Prime;][et_pb_text _builder_version=\u00a0\u00bb3.29.3&Prime; background_color=\u00a0\u00bbrgba(194,209,207,0.79)\u00a0\u00bb width=\u00a0\u00bb50%\u00a0\u00bb module_alignment=\u00a0\u00bbcenter\u00a0\u00bb custom_margin=\u00a0\u00bb||||false|false\u00a0\u00bb custom_padding=\u00a0\u00bb20px||20px||false|false\u00a0\u00bb _i=\u00a0\u00bb0&Prime; _address=\u00a0\u00bb1.0.0.0&Prime;] Th\u00e9rapeute psycho-corporelle &amp; \u00e9nerg\u00e9ticienne certif\u00e9e [&hellip;]<\/p>\n","protected":false},"author":1,"featured_media":0,"parent":0,"menu_order":0,"comment_status":"closed","ping_status":"closed","template":"","meta":{"_et_pb_use_builder":"on","_et_pb_old_content":"","footnotes":""},"class_list":["post-35","page","type-page","status-publish","hentry"],"_links":{"self":[{"href":"https:\/\/isais.live\/index.php\/wp-json\/wp\/v2\/pages\/35","targetHints":{"allow":["GET"]}}],"collection":[{"href":"https:\/\/isais.live\/index.php\/wp-json\/wp\/v2\/pages"}],"about":[{"href":"https:\/\/isais.live\/index.php\/wp-json\/wp\/v2\/types\/page"}],"author":[{"embeddable":true,"href":"https:\/\/isais.live\/index.php\/wp-json\/wp\/v2\/users\/1"}],"replies":[{"embeddable":true,"href":"https:\/\/isais.live\/index.php\/wp-json\/wp\/v2\/comments?post=35"}],"version-history":[{"count":101,"href":"https:\/\/isais.live\/index.php\/wp-json\/wp\/v2\/pages\/35\/revisions"}],"predecessor-version":[{"id":1555,"href":"https:\/\/isais.live\/index.php\/wp-json\/wp\/v2\/pages\/35\/revisions\/1555"}],"wp:attachment":[{"href":"https:\/\/isais.live\/index.php\/wp-json\/wp\/v2\/media?parent=35"}],"curies":[{"name":"wp","href":"https:\/\/api.w.org\/{rel}","templated":true}]}}